{"id":1113,"date":"2017-03-26T14:10:20","date_gmt":"2017-03-26T13:10:20","guid":{"rendered":"https:\/\/the7.io\/beauty-studio\/?page_id=1113"},"modified":"2019-11-20T16:15:37","modified_gmt":"2019-11-20T15:15:37","slug":"mision-vision-valores","status":"publish","type":"page","link":"https:\/\/www.colegiosanpelayo.es\/en\/quienes-somos\/mision-vision-valores\/","title":{"rendered":"Mision-Vision-Values"},"content":{"rendered":"<p>[vc_row full_width=&#8221;stretch_row_content_no_spaces&#8221; css_animation=&#8221;bounceInLeft&#8221; disable_element=&#8221;yes&#8221; bg_type=&#8221;image&#8221; type=&#8221;vc_default&#8221; css=&#8221;.vc_custom_1568046649768{padding-top: 70px !important;padding-bottom: 25px !important;}&#8221;][vc_column][\/vc_column][vc_column offset=&#8221;vc_col-lg-6 vc_col-md-6 vc_col-xs-12&#8243; css=&#8221;.vc_custom_1476005293248{padding-bottom: 50px !important;}&#8221;]<div id=\"ultimate-heading-336969f5d34a3c4d3\" class=\"uvc-heading ult-adjust-bottom-margin ultimate-heading-336969f5d34a3c4d3 uvc-4462 \" data-hspacer=\"no_spacer\"  data-halign=\"center\" style=\"text-align:center\"><div class=\"uvc-heading-spacer no_spacer\" style=\"top\"><\/div><div class=\"uvc-main-heading ult-responsive\"  data-ultimate-target='.uvc-heading.ultimate-heading-336969f5d34a3c4d3 h1'  data-responsive-json-new='{\"font-size\":\"desktop:26px;\",\"line-height\":\"desktop:32px;\"}' ><h1 style=\"font-weight:bold;color:#ffffff;margin-bottom:20px;\">OBJETIVOS<\/h1><\/div><\/div>[\/vc_column][\/vc_row][vc_row disable_element=&#8221;yes&#8221;][vc_column]<div class=\"aio-icon-component    style_1\"><div id=\"Info-box-wrap-8219\" class=\"aio-icon-box default-icon\" style=\"\"  ><div class=\"aio-icon-header\" ><h1 class=\"aio-icon-title ult-responsive\"  data-ultimate-target='#Info-box-wrap-8219 .aio-icon-title'  data-responsive-json-new='{\"font-size\":\"\",\"line-height\":\"\"}'  style=\"\">1<\/h1><\/div> <!-- header --><div class=\"aio-icon-description ult-responsive\"  data-ultimate-target='#Info-box-wrap-8219 .aio-icon-description'  data-responsive-json-new='{\"font-size\":\"\",\"line-height\":\"\"}'  style=\"\">El colegio declara como misi\u00f3n primordial de su actividad la formaci\u00f3n integral de la persona, fundamentando la realizaci\u00f3n de esta tarea en los siguientes principios:<\/p>\n<ul>\n<li>El alumnado y su mundo son la medida de toda la pedagog\u00eda del centro; le respeta como individuo, atiende a despertar sus aptitudes personales y busca el modo de su realizaci\u00f3n plena.<\/li>\n<li>El Colegio San Pelayo educa en y para la libertad y la paz. Acepta el riesgo que esto supone y tiende a responsabilizar al alumno\/a de sus propios actos.<\/li>\n<li>Respeta la libertad religiosa de sus alumnos y alumnas.<\/li>\n<li>Promueve la conciencia de solidaridad de sus educandos, y estima el trabajo, factor primordial de promoci\u00f3n y valoraci\u00f3n de la persona, como elemento de sociabilidad, no de rivalidad y ambici\u00f3n.<\/li>\n<\/ul>\n<p>El Colegio San Pelayo, est\u00e1 abierto a toda instituci\u00f3n y a toda experiencia educativa encaminada al logro de sus fines<\/div> <!-- description --><\/div> <!-- aio-icon-box --><\/div> <!-- aio-icon-component -->[\/vc_column][vc_column width=&#8221;1\/2&#8243;]<div class=\"aio-icon-component    style_1\"><div id=\"Info-box-wrap-4068\" class=\"aio-icon-box default-icon\" style=\"\"  ><div class=\"aio-icon-header\" ><h1 class=\"aio-icon-title ult-responsive\"  data-ultimate-target='#Info-box-wrap-4068 .aio-icon-title'  data-responsive-json-new='{\"font-size\":\"\",\"line-height\":\"\"}'  style=\"\">2<\/h1><\/div> <!-- header --><div class=\"aio-icon-description ult-responsive\"  data-ultimate-target='#Info-box-wrap-4068 .aio-icon-description'  data-responsive-json-new='{\"font-size\":\"\",\"line-height\":\"\"}'  style=\"\">El Colegio San Pelayo acepta plenamente la responsabilidad contra\u00edda con los padres y madres de los alumnos y alumnas. Procura orientarlos en la problem\u00e1tica educativa, pero sin olvidar que sus funciones en orden a la educaci\u00f3n son subsidiarias y delegadas por los Padres\/Madres, verdaderos responsables de la educaci\u00f3n de sus hijos\/as.<\/div> <!-- description --><\/div> <!-- aio-icon-box --><\/div> <!-- aio-icon-component --><div class=\"aio-icon-component    style_1\"><div id=\"Info-box-wrap-8162\" class=\"aio-icon-box default-icon\" style=\"\"  ><div class=\"aio-icon-header\" ><h1 class=\"aio-icon-title ult-responsive\"  data-ultimate-target='#Info-box-wrap-8162 .aio-icon-title'  data-responsive-json-new='{\"font-size\":\"\",\"line-height\":\"\"}'  style=\"\">4<\/h1><\/div> <!-- header --><div class=\"aio-icon-description ult-responsive\"  data-ultimate-target='#Info-box-wrap-8162 .aio-icon-description'  data-responsive-json-new='{\"font-size\":\"\",\"line-height\":\"\"}'  style=\"\">El Proyecto educativo del Colegio San Pelayo se fundamenta en el concepto de que a la persona la distinguen tres notas esenciales: individualidad, sociabilidad y espiritualidad.<\/div> <!-- description --><\/div> <!-- aio-icon-box --><\/div> <!-- aio-icon-component --><div class=\"aio-icon-component    style_1\"><div id=\"Info-box-wrap-9648\" class=\"aio-icon-box default-icon\" style=\"\"  ><div class=\"aio-icon-header\" ><h1 class=\"aio-icon-title ult-responsive\"  data-ultimate-target='#Info-box-wrap-9648 .aio-icon-title'  data-responsive-json-new='{\"font-size\":\"\",\"line-height\":\"\"}'  style=\"\">6<\/h1><\/div> <!-- header --><div class=\"aio-icon-description ult-responsive\"  data-ultimate-target='#Info-box-wrap-9648 .aio-icon-description'  data-responsive-json-new='{\"font-size\":\"\",\"line-height\":\"\"}'  style=\"\">Para realizar sus fines, respetando el ideario y los principios generales, el Colegio San Pelayo se constituye como una comunidad Educativa en la que los alumnos, alumnas, padres, madres, profesores, profesoras, direcci\u00f3n y administraci\u00f3n, asumen plenamente sus responsabilidades personales en el \u00e1mbito de sus respectivas competencias.<\/div> <!-- description --><\/div> <!-- aio-icon-box --><\/div> <!-- aio-icon-component --><div class=\"aio-icon-component    style_1\"><div id=\"Info-box-wrap-5681\" class=\"aio-icon-box default-icon\" style=\"\"  ><div class=\"aio-icon-header\" ><h1 class=\"aio-icon-title ult-responsive\"  data-ultimate-target='#Info-box-wrap-5681 .aio-icon-title'  data-responsive-json-new='{\"font-size\":\"\",\"line-height\":\"\"}'  style=\"\">8<\/h1><\/div> <!-- header --><div class=\"aio-icon-description ult-responsive\"  data-ultimate-target='#Info-box-wrap-5681 .aio-icon-description'  data-responsive-json-new='{\"font-size\":\"\",\"line-height\":\"\"}'  style=\"\">El Colegio San Pelayo propone un biling\u00fcismo en cuantas actividades fuera posible. Pretende que sus alumnos cuando acaben la ense\u00f1anza obligatoria se expresen con la correcci\u00f3n que cabe esperar a este nivel en las dos lenguas oficiales de la comunidad. Pero teniendo en cuanta la importancia que, en el desarrollo del aprendizaje, en los primeros a\u00f1os tiene la lengua materna, optar\u00e1 por iniciar la lecto-escritura y canalizar\u00e1 las situaciones dif\u00edciles a trav\u00e9s del castellano.<\/div> <!-- description --><\/div> <!-- aio-icon-box --><\/div> <!-- aio-icon-component --><div class=\"aio-icon-component    style_1\"><div id=\"Info-box-wrap-2060\" class=\"aio-icon-box default-icon\" style=\"\"  ><div class=\"aio-icon-header\" ><h1 class=\"aio-icon-title ult-responsive\"  data-ultimate-target='#Info-box-wrap-2060 .aio-icon-title'  data-responsive-json-new='{\"font-size\":\"\",\"line-height\":\"\"}'  style=\"\">10<\/h1><\/div> <!-- header --><div class=\"aio-icon-description ult-responsive\"  data-ultimate-target='#Info-box-wrap-2060 .aio-icon-description'  data-responsive-json-new='{\"font-size\":\"\",\"line-height\":\"\"}'  style=\"\">Con el fin de garantizar la debida atenci\u00f3n en la relaci\u00f3n de profesores\/as y alumnos\/as, propone no sobrepasar la ratio de 25 alumnos\/as por aula, considerando como la ratio a la que debemos atender.<\/div> <!-- description --><\/div> <!-- aio-icon-box --><\/div> <!-- aio-icon-component -->[\/vc_column][vc_column width=&#8221;1\/2&#8243;]<div class=\"aio-icon-component    style_1\"><div id=\"Info-box-wrap-2809\" class=\"aio-icon-box default-icon\" style=\"\"  ><div class=\"aio-icon-header\" ><h1 class=\"aio-icon-title ult-responsive\"  data-ultimate-target='#Info-box-wrap-2809 .aio-icon-title'  data-responsive-json-new='{\"font-size\":\"\",\"line-height\":\"\"}'  style=\"\">3<\/h1><\/div> <!-- header --><div class=\"aio-icon-description ult-responsive\"  data-ultimate-target='#Info-box-wrap-2809 .aio-icon-description'  data-responsive-json-new='{\"font-size\":\"\",\"line-height\":\"\"}'  style=\"\">En las aulas del colegio no se realizar\u00e1n campa\u00f1as de captaci\u00f3n de ning\u00fan tipo. Su actuaci\u00f3n se fundamenta en los principios descritos anteriormente, de ra\u00edz human\u00edstica, que son libremente aceptados por los padres y madres cuando matriculan a sus hijos e hijas y por los profesores y profesoras cuando pasan a formar parte del mismo.<\/div> <!-- description --><\/div> <!-- aio-icon-box --><\/div> <!-- aio-icon-component --><div class=\"aio-icon-component    style_1\"><div id=\"Info-box-wrap-1161\" class=\"aio-icon-box default-icon\" style=\"\"  ><div class=\"aio-icon-header\" ><h1 class=\"aio-icon-title ult-responsive\"  data-ultimate-target='#Info-box-wrap-1161 .aio-icon-title'  data-responsive-json-new='{\"font-size\":\"\",\"line-height\":\"\"}'  style=\"\">5<\/h1><\/div> <!-- header --><div class=\"aio-icon-description ult-responsive\"  data-ultimate-target='#Info-box-wrap-1161 .aio-icon-description'  data-responsive-json-new='{\"font-size\":\"\",\"line-height\":\"\"}'  style=\"\">El dise\u00f1o curricular del colegio San Pelayo, est\u00e1 integrado por las \u00e1reas y materias determinadas en los programas oficiales y otras optativas que contribuyen a la formaci\u00f3n integral de los alumnos y alumnas, consiguiendo de este modo la personalizaci\u00f3n del proceso educativo.<\/div> <!-- description --><\/div> <!-- aio-icon-box --><\/div> <!-- aio-icon-component --><div class=\"aio-icon-component    style_1\"><div id=\"Info-box-wrap-1222\" class=\"aio-icon-box default-icon\" style=\"\"  ><div class=\"aio-icon-header\" ><h1 class=\"aio-icon-title ult-responsive\"  data-ultimate-target='#Info-box-wrap-1222 .aio-icon-title'  data-responsive-json-new='{\"font-size\":\"\",\"line-height\":\"\"}'  style=\"\">7<\/h1><\/div> <!-- header --><div class=\"aio-icon-description ult-responsive\"  data-ultimate-target='#Info-box-wrap-1222 .aio-icon-description'  data-responsive-json-new='{\"font-size\":\"\",\"line-height\":\"\"}'  style=\"\">En los aspectos t\u00e9cnicos el Colegio desarrollar\u00e1 un Plan de trabajo, que ser\u00e1 renovable cada a\u00f1o de acuerdo con las directrices de la administraci\u00f3n y las nuevas corrientes pedag\u00f3gicas y demandas sociales de la comunidad.<\/div> <!-- description --><\/div> <!-- aio-icon-box --><\/div> <!-- aio-icon-component --><div class=\"aio-icon-component    style_1\"><div id=\"Info-box-wrap-3489\" class=\"aio-icon-box default-icon\" style=\"\"  ><div class=\"aio-icon-header\" ><h1 class=\"aio-icon-title ult-responsive\"  data-ultimate-target='#Info-box-wrap-3489 .aio-icon-title'  data-responsive-json-new='{\"font-size\":\"\",\"line-height\":\"\"}'  style=\"\">9<\/h1><\/div> <!-- header --><div class=\"aio-icon-description ult-responsive\"  data-ultimate-target='#Info-box-wrap-3489 .aio-icon-description'  data-responsive-json-new='{\"font-size\":\"\",\"line-height\":\"\"}'  style=\"\">La nueva dimensi\u00f3n Europea, adquirida por nuestra sociedad en los \u00faltimos a\u00f1os, as\u00ed como la proximidad de los medios de telecomunicaci\u00f3n, son las bases en las que el colegio fundamenta su propuesta de aprendizaje de la lengua inglesa desde la Educaci\u00f3n Infantil, fomentando adem\u00e1s el aprendizaje de una segunda lengua europea en el \u00e1mbito de la Ense\u00f1anza Secundaria Obligatoria.<\/div> <!-- description --><\/div> <!-- aio-icon-box --><\/div> <!-- aio-icon-component --><div class=\"aio-icon-component    style_1\"><div id=\"Info-box-wrap-2070\" class=\"aio-icon-box default-icon\" style=\"\"  ><div class=\"aio-icon-header\" ><h1 class=\"aio-icon-title ult-responsive\"  data-ultimate-target='#Info-box-wrap-2070 .aio-icon-title'  data-responsive-json-new='{\"font-size\":\"\",\"line-height\":\"\"}'  style=\"\">11<\/h1><\/div> <!-- header --><div class=\"aio-icon-description ult-responsive\"  data-ultimate-target='#Info-box-wrap-2070 .aio-icon-description'  data-responsive-json-new='{\"font-size\":\"\",\"line-height\":\"\"}'  style=\"\">Anualmente se organizar\u00e1n actos de extensi\u00f3n cultural dirigidos a Padres, madres, con los que se pretender\u00e1 crear puntos de encuentro entre los diferentes miembros de la comunidad.<\/div> <!-- description --><\/div> <!-- aio-icon-box --><\/div> <!-- aio-icon-component -->[\/vc_column][\/vc_row][vc_row css=&#8221;.vc_custom_1570520151832{border-radius: 2px !important;}&#8221;][vc_column css=&#8221;.vc_custom_1570520111900{background-position: center !important;background-repeat: no-repeat !important;background-size: cover !important;}&#8221;][vc_empty_space]<div id=\"ultimate-heading-665169f5d34a3ce75\" class=\"uvc-heading ult-adjust-bottom-margin ultimate-heading-665169f5d34a3ce75 uvc-86  uvc-heading-default-font-sizes\" data-hspacer=\"line_with_icon\" data-hline_width=\"120\" data-hicon_type=\"selector\" data-hborder_style=\"solid\" data-hborder_height=\"3\" data-hborder_color=\"#45a834\" data-icon_width=\"19\" data-hfixer=\"10\"  data-halign=\"center\" style=\"text-align:center\"><div class=\"uvc-main-heading ult-responsive\"  data-ultimate-target='.uvc-heading.ultimate-heading-665169f5d34a3ce75 h2'  data-responsive-json-new='{\"font-size\":\"\",\"line-height\":\"\"}' ><h2 style=\"--font-weight:theme;color:#45a834;\">MISION<\/h2><\/div><div class=\"uvc-heading-spacer line_with_icon\" style=\"topheight:19px;\"><div class=\"ult-just-icon-wrapper  \"><div class=\"align-icon\" style=\"text-align:center;\">\n<div class=\"aio-icon none \"  style=\"color:#45a834;font-size:19px;display:inline-block;\">\n\t<i class=\"fas fa-praying-hands\"><\/i>\n<\/div><\/div><\/div><\/div><\/div>[vc_empty_space][vc_column_text]<\/p>\n<h4>The coperative CESPE S. COOP is formed by a team of people commited to education, and it runs the Colegio San Pelayo in childhood education and high school in Ermua, where:<\/h4>\n<p>[\/vc_column_text][vc_empty_space]<div class=\"smile_icon_list_wrap ult_info_list_container ult-adjust-bottom-margin  \"><ul class=\"smile_icon_list left hexagon\"><li class=\"icon_list_item\" style=\" font-size:72px;\"><div class=\"icon_list_icon\" data-animation=\"swing\" data-animation-delay=\"03\" style=\"font-size:24px;background:#45a834;color:#ffffff;border-color:#45a834;\"><i class=\"Defaults-leanpub\" ><\/i><\/div><div class=\"icon_description\" id=\"Info-list-wrap-9031\" style=\"font-size:24px;\"><div class=\"icon_description_text ult-responsive\"  data-ultimate-target='#Info-list-wrap-9031 .icon_description_text'  data-responsive-json-new='{\"font-size\":\"desktop:13px;\",\"line-height\":\"desktop:18px;\"}'  style=\"\"><h4>We train critical citizens, well integrated socially, happy, free and capable, who know the world around them and try to increase it.<\/h4>\n<\/div><\/div><div class=\"icon_list_connector\"  style=\"border-right-width: 1px;border-right-style: dashed;border-color: #45a834;\"><\/div><\/li><li class=\"icon_list_item\" style=\" font-size:72px;\"><div class=\"icon_list_icon\" data-animation=\"swing\" data-animation-delay=\"03\" style=\"font-size:24px;background:#45a834;color:#ffffff;border-color:#45a834;\"><i class=\"fas fa-user-edit\" ><\/i><\/div><div class=\"icon_description\" id=\"Info-list-wrap-6253\" style=\"font-size:24px;\"><div class=\"icon_description_text ult-responsive\"  data-ultimate-target='#Info-list-wrap-6253 .icon_description_text'  data-responsive-json-new='{\"font-size\":\"desktop:13px;\",\"line-height\":\"desktop:18px;\"}'  style=\"\"><h4>For this, we use differentiated methodologies with personalized atenttion.<\/h4>\n<\/div><\/div><div class=\"icon_list_connector\"  style=\"border-right-width: 1px;border-right-style: dashed;border-color: #45a834;\"><\/div><\/li><li class=\"icon_list_item\" style=\" font-size:72px;\"><div class=\"icon_list_icon\" data-animation=\"swing\" data-animation-delay=\"03\" style=\"font-size:24px;background:#45a834;color:#ffffff;border-color:#45a834;\"><i class=\"Defaults-group\" ><\/i><\/div><div class=\"icon_description\" id=\"Info-list-wrap-5824\" style=\"font-size:24px;\"><div class=\"icon_description_text ult-responsive\"  data-ultimate-target='#Info-list-wrap-5824 .icon_description_text'  data-responsive-json-new='{\"font-size\":\"desktop:13px;\",\"line-height\":\"desktop:18px;\"}'  style=\"\"><h4>We bestow them on self-steem, autonomy, security and creativity required to adapt to tomorrow.<\/h4>\n<\/div><\/div><div class=\"icon_list_connector\"  style=\"border-right-width: 1px;border-right-style: dashed;border-color: #45a834;\"><\/div><\/li><li class=\"icon_list_item\" style=\" font-size:72px;\"><div class=\"icon_list_icon\" data-animation=\"swing\" data-animation-delay=\"03\" style=\"font-size:24px;background:#45a834;color:#ffffff;border-color:#45a834;\"><i class=\"Defaults-child\" ><\/i><\/div><div class=\"icon_description\" id=\"Info-list-wrap-4325\" style=\"font-size:24px;\"><div class=\"icon_description_text ult-responsive\"  data-ultimate-target='#Info-list-wrap-4325 .icon_description_text'  data-responsive-json-new='{\"font-size\":\"desktop:13px;\",\"line-height\":\"desktop:18px;\"}'  style=\"\"><h4>Also, we promote the confidence, empathy, respect and closeness, among the members of the educational community.<\/h4>\n<\/div><\/div><div class=\"icon_list_connector\"  style=\"border-right-width: 1px;border-right-style: dashed;border-color: #45a834;\"><\/div><\/li><\/ul><\/div>[\/vc_column][\/vc_row][vc_row css=&#8221;.vc_custom_1570520151832{border-radius: 2px !important;}&#8221;][vc_column css=&#8221;.vc_custom_1570520111900{background-position: center !important;background-repeat: no-repeat !important;background-size: cover !important;}&#8221;][vc_empty_space]<div id=\"ultimate-heading-236369f5d34a3d316\" class=\"uvc-heading ult-adjust-bottom-margin ultimate-heading-236369f5d34a3d316 uvc-7973  uvc-heading-default-font-sizes\" data-hspacer=\"line_with_icon\" data-hline_width=\"120\" data-hicon_type=\"selector\" data-hborder_style=\"solid\" data-hborder_height=\"3\" data-hborder_color=\"#45a834\" data-icon_width=\"19\" data-hfixer=\"10\"  data-halign=\"center\" style=\"text-align:center\"><div class=\"uvc-main-heading ult-responsive\"  data-ultimate-target='.uvc-heading.ultimate-heading-236369f5d34a3d316 h2'  data-responsive-json-new='{\"font-size\":\"\",\"line-height\":\"\"}' ><h2 style=\"--font-weight:theme;color:#45a834;\">VISION<\/h2><\/div><div class=\"uvc-heading-spacer line_with_icon\" style=\"topheight:19px;\"><div class=\"ult-just-icon-wrapper  \"><div class=\"align-icon\" style=\"text-align:center;\">\n<div class=\"aio-icon none \"  style=\"color:#45a834;font-size:19px;display:inline-block;\">\n\t<i class=\"fas fa-clipboard\"><\/i>\n<\/div><\/div><\/div><\/div><\/div>[vc_empty_space][vc_column_text]<\/p>\n<h4>We want to be a reference site in the educational world, since it achieves students with interest and autonomy to learn throughout their lives, providing them with instruments adapted to each one\u00b4s potential. It will allow them to become competent, flexible, free, critical and caring, which pursue justice and the improvement of society.<\/h4>\n<p>[\/vc_column_text][vc_empty_space][\/vc_column][\/vc_row][vc_row css=&#8221;.vc_custom_1570520151832{border-radius: 2px !important;}&#8221;][vc_column css=&#8221;.vc_custom_1570520111900{background-position: center !important;background-repeat: no-repeat !important;background-size: cover !important;}&#8221;][vc_empty_space]<div id=\"ultimate-heading-340069f5d34a3d414\" class=\"uvc-heading ult-adjust-bottom-margin ultimate-heading-340069f5d34a3d414 uvc-9329  uvc-heading-default-font-sizes\" data-hspacer=\"line_with_icon\" data-hline_width=\"120\" data-hicon_type=\"selector\" data-hborder_style=\"solid\" data-hborder_height=\"3\" data-hborder_color=\"#45a834\" data-icon_width=\"19\" data-hfixer=\"10\"  data-halign=\"center\" style=\"text-align:center\"><div class=\"uvc-main-heading ult-responsive\"  data-ultimate-target='.uvc-heading.ultimate-heading-340069f5d34a3d414 h2'  data-responsive-json-new='{\"font-size\":\"\",\"line-height\":\"\"}' ><h2 style=\"--font-weight:theme;color:#45a834;\">VALUES<\/h2><\/div><div class=\"uvc-heading-spacer line_with_icon\" style=\"topheight:19px;\"><div class=\"ult-just-icon-wrapper  \"><div class=\"align-icon\" style=\"text-align:center;\">\n<div class=\"aio-icon none \"  style=\"color:#45a834;font-size:19px;display:inline-block;\">\n\t<i class=\"fas fa-hands-helping\"><\/i>\n<\/div><\/div><\/div><\/div><\/div>[vc_empty_space][vc_column_text]<\/p>\n<h4>As an oganizatoin, we accredit the next values: Responsibility, creativity, collaborative work, autonomy, empathy-closeness and entrepreneurship.<\/h4>\n<p>[\/vc_column_text][vc_empty_space][\/vc_column][\/vc_row]<\/p>","protected":false},"excerpt":{"rendered":"<p>[vc_row full_width=&#8221;stretch_row_content_no_spaces&#8221; css_animation=&#8221;bounceInLeft&#8221; disable_element=&#8221;yes&#8221; bg_type=&#8221;image&#8221; type=&#8221;vc_default&#8221; css=&#8221;.vc_custom_1568046649768{padding-top: 70px !important;padding-bottom: 25px !important;}&#8221;][vc_column][\/vc_column][vc_column offset=&#8221;vc_col-lg-6 vc_col-md-6 vc_col-xs-12&#8243; css=&#8221;.vc_custom_1476005293248{padding-bottom: 50px !important;}&#8221;][\/vc_column][\/vc_row][vc_row disable_element=&#8221;yes&#8221;][vc_column][\/vc_column][vc_column width=&#8221;1\/2&#8243;][\/vc_column][vc_column width=&#8221;1\/2&#8243;][\/vc_column][\/vc_row][vc_row css=&#8221;.vc_custom_1570520151832{border-radius: 2px !important;}&#8221;][vc_column css=&#8221;.vc_custom_1570520111900{background-position: center !important;background-repeat: no-repeat !important;background-size: cover !important;}&#8221;][vc_empty_space][vc_empty_space][vc_column_text] The coperative CESPE S. COOP is formed by a team of people commited to education, and it runs the Colegio San Pelayo in childhood education&hellip;<\/p>\n","protected":false},"author":1,"featured_media":0,"parent":5,"menu_order":0,"comment_status":"closed","ping_status":"closed","template":"","meta":[],"yoast_head":"<!-- This site is optimized with the Yoast SEO plugin v21.0 - https:\/\/yoast.com\/wordpress\/plugins\/seo\/ -->\n<title>Mision-Vision-Values | Colegio San Pelayo Ikastetxea Ermua, Bizkaia<\/title>\n<meta name=\"description\" content=\"La cooperativa CESPE S. COOP, un equipo comprometido con la educaci\u00f3n, regenta el COLEGIO SAN PELAYO, de E. Infantil y Ense\u00f1anza Secundaria de Ermua.\" \/>\n<meta name=\"robots\" content=\"index, follow, max-snippet:-1, max-image-preview:large, max-video-preview:-1\" \/>\n<link rel=\"canonical\" href=\"https:\/\/www.colegiosanpelayo.es\/quienes-somos\/mision-vision-valores\/\" \/>\n<meta property=\"og:locale\" content=\"en_US\" \/>\n<meta property=\"og:type\" content=\"article\" \/>\n<meta property=\"og:title\" content=\"[:es]Misi\u00f3n-Visi\u00f3n-Valores[:eu]Eginkizuna-Ikuspuntua-Balioak[:en]Mision-Vision-Values[:] | Colegio San Pelayo Ikastetxea Ermua, Bizkaia\" \/>\n<meta property=\"og:description\" content=\"La cooperativa CESPE S. COOP, un equipo comprometido con la educaci\u00f3n, regenta el COLEGIO SAN PELAYO, de E. Infantil y Ense\u00f1anza Secundaria de Ermua.\" \/>\n<meta property=\"og:url\" content=\"https:\/\/www.colegiosanpelayo.es\/quienes-somos\/mision-vision-valores\/\" \/>\n<meta property=\"og:site_name\" content=\"Colegio San Pelayo Ikastetxea\" \/>\n<meta property=\"article:modified_time\" content=\"2019-11-20T15:15:37+00:00\" \/>\n<meta name=\"twitter:card\" content=\"summary_large_image\" \/>\n<meta name=\"twitter:label1\" content=\"Est. reading time\" \/>\n\t<meta name=\"twitter:data1\" content=\"20 minutes\" \/>\n<script type=\"application\/ld+json\" class=\"yoast-schema-graph\">{\"@context\":\"https:\/\/schema.org\",\"@graph\":[{\"@type\":\"WebPage\",\"@id\":\"https:\/\/www.colegiosanpelayo.es\/quienes-somos\/mision-vision-valores\/\",\"url\":\"https:\/\/www.colegiosanpelayo.es\/quienes-somos\/mision-vision-valores\/\",\"name\":\"[:es]Misi\u00f3n-Visi\u00f3n-Valores[:eu]Eginkizuna-Ikuspuntua-Balioak[:en]Mision-Vision-Values[:] | Colegio San Pelayo Ikastetxea Ermua, Bizkaia\",\"isPartOf\":{\"@id\":\"https:\/\/www.colegiosanpelayo.es\/#website\"},\"datePublished\":\"2017-03-26T13:10:20+00:00\",\"dateModified\":\"2019-11-20T15:15:37+00:00\",\"description\":\"La cooperativa CESPE S. COOP, un equipo comprometido con la educaci\u00f3n, regenta el COLEGIO SAN PELAYO, de E. Infantil y Ense\u00f1anza Secundaria de Ermua.\",\"breadcrumb\":{\"@id\":\"https:\/\/www.colegiosanpelayo.es\/quienes-somos\/mision-vision-valores\/#breadcrumb\"},\"inLanguage\":\"en-US\",\"potentialAction\":[{\"@type\":\"ReadAction\",\"target\":[\"https:\/\/www.colegiosanpelayo.es\/quienes-somos\/mision-vision-valores\/\"]}]},{\"@type\":\"BreadcrumbList\",\"@id\":\"https:\/\/www.colegiosanpelayo.es\/quienes-somos\/mision-vision-valores\/#breadcrumb\",\"itemListElement\":[{\"@type\":\"ListItem\",\"position\":1,\"name\":\"Portada\",\"item\":\"https:\/\/www.colegiosanpelayo.es\/\"},{\"@type\":\"ListItem\",\"position\":2,\"name\":\"Sobre Nosotros\",\"item\":\"https:\/\/www.colegiosanpelayo.es\/quienes-somos\/\"},{\"@type\":\"ListItem\",\"position\":3,\"name\":\"Misi\u00f3n-Visi\u00f3n-Valores\"}]},{\"@type\":\"WebSite\",\"@id\":\"https:\/\/www.colegiosanpelayo.es\/#website\",\"url\":\"https:\/\/www.colegiosanpelayo.es\/\",\"name\":\"Colegio San Pelayo Ikastetxea\",\"description\":\"Aprendizaje Ubicuo y Personalizado\",\"potentialAction\":[{\"@type\":\"SearchAction\",\"target\":{\"@type\":\"EntryPoint\",\"urlTemplate\":\"https:\/\/www.colegiosanpelayo.es\/?s={search_term_string}\"},\"query-input\":\"required name=search_term_string\"}],\"inLanguage\":\"en-US\"}]}<\/script>\n<!-- \/ Yoast SEO plugin. -->","yoast_head_json":{"title":"[:es]Misi\u00f3n-Visi\u00f3n-Valores[:eu]Eginkizuna-Ikuspuntua-Balioak[:en]Mision-Vision-Values[:] | Colegio San Pelayo Ikastetxea Ermua, Bizkaia","description":"La cooperativa CESPE S. COOP, un equipo comprometido con la educaci\u00f3n, regenta el COLEGIO SAN PELAYO, de E. Infantil y Ense\u00f1anza Secundaria de Ermua.","robots":{"index":"index","follow":"follow","max-snippet":"max-snippet:-1","max-image-preview":"max-image-preview:large","max-video-preview":"max-video-preview:-1"},"canonical":"https:\/\/www.colegiosanpelayo.es\/quienes-somos\/mision-vision-valores\/","og_locale":"en_US","og_type":"article","og_title":"[:es]Misi\u00f3n-Visi\u00f3n-Valores[:eu]Eginkizuna-Ikuspuntua-Balioak[:en]Mision-Vision-Values[:] | Colegio San Pelayo Ikastetxea Ermua, Bizkaia","og_description":"La cooperativa CESPE S. COOP, un equipo comprometido con la educaci\u00f3n, regenta el COLEGIO SAN PELAYO, de E. Infantil y Ense\u00f1anza Secundaria de Ermua.","og_url":"https:\/\/www.colegiosanpelayo.es\/quienes-somos\/mision-vision-valores\/","og_site_name":"Colegio San Pelayo Ikastetxea","article_modified_time":"2019-11-20T15:15:37+00:00","twitter_card":"summary_large_image","twitter_misc":{"Est. reading time":"20 minutes"},"schema":{"@context":"https:\/\/schema.org","@graph":[{"@type":"WebPage","@id":"https:\/\/www.colegiosanpelayo.es\/quienes-somos\/mision-vision-valores\/","url":"https:\/\/www.colegiosanpelayo.es\/quienes-somos\/mision-vision-valores\/","name":"[:es]Misi\u00f3n-Visi\u00f3n-Valores[:eu]Eginkizuna-Ikuspuntua-Balioak[:en]Mision-Vision-Values[:] | Colegio San Pelayo Ikastetxea Ermua, Bizkaia","isPartOf":{"@id":"https:\/\/www.colegiosanpelayo.es\/#website"},"datePublished":"2017-03-26T13:10:20+00:00","dateModified":"2019-11-20T15:15:37+00:00","description":"La cooperativa CESPE S. COOP, un equipo comprometido con la educaci\u00f3n, regenta el COLEGIO SAN PELAYO, de E. Infantil y Ense\u00f1anza Secundaria de Ermua.","breadcrumb":{"@id":"https:\/\/www.colegiosanpelayo.es\/quienes-somos\/mision-vision-valores\/#breadcrumb"},"inLanguage":"en-US","potentialAction":[{"@type":"ReadAction","target":["https:\/\/www.colegiosanpelayo.es\/quienes-somos\/mision-vision-valores\/"]}]},{"@type":"BreadcrumbList","@id":"https:\/\/www.colegiosanpelayo.es\/quienes-somos\/mision-vision-valores\/#breadcrumb","itemListElement":[{"@type":"ListItem","position":1,"name":"Portada","item":"https:\/\/www.colegiosanpelayo.es\/"},{"@type":"ListItem","position":2,"name":"Sobre Nosotros","item":"https:\/\/www.colegiosanpelayo.es\/quienes-somos\/"},{"@type":"ListItem","position":3,"name":"Misi\u00f3n-Visi\u00f3n-Valores"}]},{"@type":"WebSite","@id":"https:\/\/www.colegiosanpelayo.es\/#website","url":"https:\/\/www.colegiosanpelayo.es\/","name":"Colegio San Pelayo Ikastetxea","description":"Aprendizaje Ubicuo y Personalizado","potentialAction":[{"@type":"SearchAction","target":{"@type":"EntryPoint","urlTemplate":"https:\/\/www.colegiosanpelayo.es\/?s={search_term_string}"},"query-input":"required name=search_term_string"}],"inLanguage":"en-US"}]}},"_links":{"self":[{"href":"https:\/\/www.colegiosanpelayo.es\/en\/wp-json\/wp\/v2\/pages\/1113"}],"collection":[{"href":"https:\/\/www.colegiosanpelayo.es\/en\/wp-json\/wp\/v2\/pages"}],"about":[{"href":"https:\/\/www.colegiosanpelayo.es\/en\/wp-json\/wp\/v2\/types\/page"}],"author":[{"embeddable":true,"href":"https:\/\/www.colegiosanpelayo.es\/en\/wp-json\/wp\/v2\/users\/1"}],"replies":[{"embeddable":true,"href":"https:\/\/www.colegiosanpelayo.es\/en\/wp-json\/wp\/v2\/comments?post=1113"}],"version-history":[{"count":15,"href":"https:\/\/www.colegiosanpelayo.es\/en\/wp-json\/wp\/v2\/pages\/1113\/revisions"}],"predecessor-version":[{"id":2227,"href":"https:\/\/www.colegiosanpelayo.es\/en\/wp-json\/wp\/v2\/pages\/1113\/revisions\/2227"}],"up":[{"embeddable":true,"href":"https:\/\/www.colegiosanpelayo.es\/en\/wp-json\/wp\/v2\/pages\/5"}],"wp:attachment":[{"href":"https:\/\/www.colegiosanpelayo.es\/en\/wp-json\/wp\/v2\/media?parent=1113"}],"curies":[{"name":"wp","href":"https:\/\/api.w.org\/{rel}","templated":true}]}}